{"id":112,"date":"2025-12-10T01:01:44","date_gmt":"2025-12-10T00:01:44","guid":{"rendered":"http:\/\/wwwlolekkom.pl\/?page_id=112"},"modified":"2025-12-17T23:00:44","modified_gmt":"2025-12-17T22:00:44","slug":"o-mnie","status":"publish","type":"page","link":"http:\/\/wwwlolekkom.pl\/?page_id=112","title":{"rendered":"O mnie"},"content":{"rendered":"\n<div class=\"wp-block-columns is-layout-flex wp-container-core-columns-is-layout-7387b849 wp-block-columns-is-layout-flex\">\n<div class=\"wp-block-column is-layout-flow wp-block-column-is-layout-flow\" style=\"flex-basis:33.33%\">\n<figure class=\"wp-block-image size-large\"><img loading=\"lazy\" decoding=\"async\" width=\"683\" height=\"1024\" src=\"http:\/\/wwwlolekkom.pl\/wp-content\/uploads\/2025\/12\/Jarek-i-Ali-3-683x1024.jpg\" alt=\"\" class=\"wp-image-226\" style=\"aspect-ratio:0.6669937205651492\" srcset=\"http:\/\/wwwlolekkom.pl\/wp-content\/uploads\/2025\/12\/Jarek-i-Ali-3-683x1024.jpg 683w, http:\/\/wwwlolekkom.pl\/wp-content\/uploads\/2025\/12\/Jarek-i-Ali-3-200x300.jpg 200w, http:\/\/wwwlolekkom.pl\/wp-content\/uploads\/2025\/12\/Jarek-i-Ali-3-768x1152.jpg 768w, http:\/\/wwwlolekkom.pl\/wp-content\/uploads\/2025\/12\/Jarek-i-Ali-3-400x600.jpg 400w, http:\/\/wwwlolekkom.pl\/wp-content\/uploads\/2025\/12\/Jarek-i-Ali-3.jpg 1000w\" sizes=\"auto, (max-width: 683px) 100vw, 683px\" \/><\/figure>\n<\/div>\n\n\n\n<div class=\"wp-block-column is-layout-flow wp-block-column-is-layout-flow\" style=\"flex-basis:66.66%\">\n<h2 class=\"wp-block-heading\">Jaros\u0142aw Pe\u0142ka<\/h2>\n\n\n\n<p class=\"wp-block-paragraph\">Urodzi\u0142em si\u0119 w porze rykowiska jeleni w latach kt\u00f3re dzi\u015b wspominamy w mediach spo\u0142eczno\u015bciowych ,,kiedy\u015b by\u0142o jako\u015b fajniej\u201d. Jako ma\u0142y ch\u0142opiec ze wzgl\u0119du na chorob\u0119 i bardzo \u015bcis\u0142\u0105 diet\u0119 nie mog\u0142em wyje\u017cd\u017ca\u0107 na \u017cadne kolonie , obozy harcerskie i inne ekscytuj\u0105ce eventy. Ale wielka \u017c\u0105dza przyg\u00f3d wci\u0105\u017c pcha\u0142a mnie wsz\u0119dzie tam gdzie by\u0142a przyroda i by\u0142y zwierz\u0119ta. Ca\u0142e dnie sp\u0119dza\u0142em na w\u0142\u00f3cz\u0119gach z psem w obr\u0119bie kilku kilometr\u00f3w wok\u00f3\u0142 swojego domu obserwuj\u0105c przyrod\u0119 , a noce sp\u0119dza\u0142em na czytaniu ksi\u0105\u017cek. Obowi\u0105zkowe lektury to przygody Tomka Wilmowskiego, literatura Wies\u0142awa Wernica, Karola Maya, Zbigniewa Nienackiego, ma\u0142\u017ce\u0144stwa Centkiewicz\u00f3w, Longina Jana Okonia i wielu innych autor\u00f3w. To ksi\u0105\u017cki kszta\u0142towa\u0142y moj\u0105 wyobra\u017anie i system warto\u015bci. Wyobra\u017anie rozbudza\u0142y przygody Indian p\u00f3\u0142nocnoameryka\u0144skich , podr\u00f3\u017cnik\u00f3w w dalekich i nieznanych krajach oraz wojenne dzieje naszej ojczyzny. Mo\u017ce trudno to sobie wyobrazi\u0107 ale w telewizji by\u0142 jeden program wi\u0119c Biblioteka Miejska by\u0142a prawdziwym oknem na wielki \u015bwiat. Mia\u0142em bardzo wiele szcz\u0119\u015bcia . Moi dziadkowie ze strony matki mieszkali w le\u015bnicz\u00f3wce. Trzy pokolenia le\u015bnik\u00f3w i my\u015bliwych kultywowa\u0142o tradycje kynologiczne.<\/p>\n<\/div>\n<\/div>\n\n\n\n<p class=\"wp-block-paragraph\">Kiedy mia\u0142em lat dziesi\u0119\u0107 r\u00f3wnie\u017c ojciec zacz\u0105\u0142 polowa\u0107 i to by\u0142a dla mnie pe\u0142nia szcz\u0119\u015bcia. Tak zacz\u0119\u0142a si\u0119 moja \u017cyciowa przygoda z psami my\u015bliwskimi. Ju\u017c jako kilkunastoletni ch\u0142opiec u\u0142o\u017cy\u0142em pierwszego wy\u017c\u0142a . Oczywi\u015bcie wszyscy kt\u00f3rzy pami\u0119taj\u0105 tamte czasy wiedz\u0105 \u017ce wtedy ps\u00f3w si\u0119 nie uk\u0142ada\u0142o. Wtedy psy si\u0119 selekcjonowa\u0142o. Takie kt\u00f3re nie spe\u0142nia\u0142y oczekiwa\u0144 na polowaniu trafia\u0142y w najlepszym razie w r\u0119ce nie my\u015bliwskie. Podobnie by\u0142o z pierwszym wy\u017c\u0142em kt\u00f3ry maj\u0105c kilkana\u015bcie miesi\u0119cy nie przejawia\u0142 zainteresowania polowaniem. Ale po moim szkoleniu nawr\u00f3ci\u0142em go na w\u0142a\u015bciwe tory i d\u0142ugie lata przepolowa\u0142 szcz\u0119\u015bliwie \u017ce swoim panem. W tamtych czasach to wszystko co opisa\u0142em po wy\u017cej by\u0142o tylko pasj\u0105. Wielk\u0105 , ogromn\u0105 pasj\u0105 , sposobem na \u017cycie pod k\u0105tem kt\u00f3rego podporz\u0105dkowywa\u0142em niemal wszystko. Ale nie zaniedbywa\u0142em swojej edukacji wiedz\u0105c \u017ce pasja kosztuje. I to nie ma\u0142o. Wbrew \u017cyczeniom moich rodzic\u00f3w i krewnych nie podj\u0105\u0142em nauki w technikum le\u015bnym kt\u00f3re by\u0142o przedsionkiem do pracy w Lasach Pa\u0144stwowych. Wiele czynnik\u00f3w si\u0119 na to z\u0142o\u017cy\u0142o, dzi\u015b w g\u0142\u00f3wnej mierze my\u015bl\u0119 \u017ce wygra\u0142a m\u0142odzie\u0144cza fantazja odziedziczona po s\u0142owia\u0144skich przodkach nad matematyczn\u0105 rozwag\u0105. Musia\u0142em posiada\u0107 w\u0142asne pieni\u0105dze wi\u0119c w wieku lat siedemnastu mia\u0142em ju\u017c w\u0142asn\u0105 prace. Ko\u0144cz\u0105c szko\u0142\u0119 \u015bredni\u0105 w systemie wieczorowym \u2013 jednocze\u015bnie pracuj\u0105c zawodowo- kontynuowa\u0142em nauk\u0119 na Politechnice Cz\u0119stochowskiej na wydziale Zarz\u0105dzania i Marketingu. Maj\u0105c lat osiemna\u015bcie zdaj\u0119 egzaminy wst\u0119pne do PZ\u0141 i wst\u0119puj\u0119 w szeregi my\u015bliwych. Ko\u0144cz\u0105c Politechnik\u0119 tytu\u0142em magistra jedocze\u015bnie zdaj\u0119 egzaminy selekcjonerskie w PZ\u0141. Wci\u0105\u017c wspinaj\u0105c si\u0119 po szczeblach kariery, pracuj\u0119 w \u015bwiatowych korporacjach , na pocz\u0105tku z bran\u017cy FMCG , p\u00f3\u017aniej w bran\u017cy medycznej. Znowu mam szcz\u0119\u015bcie. Dzi\u0119ki takiej pracy zwiedzam sporo ciekawych zak\u0105tk\u00f3w \u015bwiata , bardzo wiele si\u0119 ucz\u0119 i poznaj\u0119 ogromn\u0105 rzesz\u0119 niezwyk\u0142ych ludzi. W roku 1998 trafia w moje r\u0119ce zupe\u0142nie przypadkowo posokowiec hanowerski. By\u0142y to czasy kiedy internet dopiero raczkowa\u0142, kom\u00f3rki by\u0142y wielkim luksusem a posokowiec nie do ko\u0144ca by\u0142 ras\u0105 rozpoznawaln\u0105 w moich stronach. Szuka\u0142em pomocy w literaturze i powstaj\u0105cych forach internetowych nie maj\u0105c poj\u0119cia jak powinno si\u0119 uk\u0142ada\u0107 posokowca , tym bardziej doros\u0142ego. Szcz\u0119\u015bcie nadal mnie nie opuszcza\u0142o. Znowu znalaz\u0142em ludzi kt\u00f3rzy mi bardzo pomogli merytorycznie. Wspomn\u0119 tylko nielicznych takich jak Pan Wojciech Galwas Prezes Polskiego Klubu Posokowca , Pan J\u00f3zef Fox z Niemiec maj\u0105cy wieloletnie do\u015bwiadczenie z posokowcami hanoverskimi czy m\u00f3j wielki przyjaciel Leszek Ciupis, rusznikarz i zapalony psiarz kt\u00f3ry zarazi\u0142 mnie \u015bmiertelnie prac\u0105 na tropie. Leszek ze swoim springer spanielem przez kilka lat wygrywa\u0142 wi\u0119kszo\u015b\u0107 konkurs\u00f3w w konkurencji tzw. ,,starej farby\u201d . Do dzi\u015b wielokrotnie wymieniamy do\u015bwiadczenia w dziedzinie kynologii i broni my\u015bliwskiej. Dziesi\u0119\u0107 lat pracy z posokowcem , ogrom przyg\u00f3d we dnie i w nocy skutkowa\u0142 zebraniem bardzo wielu w\u0142asnych do\u015bwiadcze\u0144 . Nie by\u0142o by tego wszystkiego bez najwa\u017cniejszych os\u00f3b w moim \u0142owiectwie. Mojego ojca kt\u00f3ry mnie wci\u0105\u017c wspiera i pomaga oraz mojej \u017cony kt\u00f3ra to wszystko do dzi\u015b akceptuje. Bez tych dw\u00f3ch os\u00f3b by\u0142o by mi niezwykle ci\u0119\u017cko. W 2012 roku rozstaj\u0119 si\u0119 definitywnie z wielkimi korporacjami i zak\u0142adam w\u0142asn\u0105 Szko\u0142\u0119 Ps\u00f3w My\u015bliwskich Charyzmat. W tym samym roku m\u00f3j posokowiec Ali przechodzi za t\u0119czowy most\u2026 Sprowadzam z Czech szczeniaka posokowca hanowerskiego Art Zidana z kt\u00f3rym za dwa lata wygrywam Mi\u0119dzynarodowy Konkurs Posokowc\u00f3w w Jele\u015bni\u2026 To ju\u017c 10 lat istnienia szko\u0142y i 30 lat w PZ\u0141. Czas p\u0142ynie nieub\u0142aganie ale pami\u0119ta\u0107 nale\u017cy i\u017c nie jest to dane ka\u017cdemu\u2026 Obecnie po sze\u015bciu latach pracy z psami nie tylko my\u015bliwskimi, zr\u00f3\u017cnicowanymi pod k\u0105tem ras , p\u0142ci , wieku , predyspozycji i preferencji, napisaniu ponad trzydziestu artyku\u0142\u00f3w na tematy kynologiczne, wzi\u0119cia udzia\u0142u w projekcie ksi\u0105\u017cki \u0141owiectwo \u2013 Tradycje, Prawo, Zwierzyna gdzie opracowa\u0142em rozdzia\u0142 na temat kynologii chcia\u0142bym si\u0119 poczu\u0107 jako cz\u0142owiek kt\u00f3ry posiad\u0142 wiedz\u0119 niezb\u0119dn\u0105 do pracy ze zwierz\u0119tami\u2026 Ale nic bardziej mylnego. Ka\u017cdy pies jest inny, zawsze mamy inne okoliczno\u015bci i z innymi do\u015bwiadczeniami si\u0119 zderzamy. A to wci\u0105\u017c uczy pokory , ci\u0105gle pomimo sporej ilo\u015bci zwyci\u0119stw ponosz\u0119 bolesne pora\u017cki. Tak ju\u017c jest \u2026my\u015bl\u0119 \u017ce na ka\u017cdej drodze \u017cyciowej i zawodowej , wa\u017cne aby\u015bmy zawsze umieli wyci\u0105ga\u0107 w\u0142a\u015bciwe wnioski i nie tracili ducha. Aby\u015bmy umieli si\u0119 podnosi\u0107 i przechodzi\u0107 od pora\u017cki do pora\u017cki bez utraty entuzjazmu. Zapraszam wszystkich na swoj\u0105 stron\u0119 , wszystkich kt\u00f3rzy chc\u0105 pozna\u0107 najstarsze sposoby komunikacji ze zwierz\u0119tami , poparte nowoczesn\u0105 wiedz\u0105 i wieloletnim do\u015bwiadczeniem , wszystkich kt\u00f3rzy zechc\u0105 uczestniczy\u0107 w magicznej podr\u00f3\u017cy z przesz\u0142o\u015bci w tera\u017aniejszo\u015b\u0107. Pami\u0119tajmy \u017ce pomimo i\u017c dzi\u015b mamy smartfony , elektryczne samochody, drony i wiedz\u0119 w internecie , nie mo\u017cemy zapomina\u0107 sk\u0105d pochodzimy i kim jeste\u015bmy. Nie odcinajmy si\u0119 od naszej przesz\u0142o\u015bci i patrzmy odwa\u017cnie w przysz\u0142o\u015b\u0107 wraz z naszymi czworono\u017cnymi przyjaci\u00f3\u0142mi.<\/p>\n\n\n\n<p class=\"wp-block-paragraph\">Jaros\u0142aw Pe\u0142ka<\/p>\n","protected":false},"excerpt":{"rendered":"<p>Jaros\u0142aw Pe\u0142ka Urodzi\u0142em si\u0119 w porze rykowiska jeleni w latach kt\u00f3re dzi\u015b wspominamy w mediach spo\u0142eczno\u015bciowych ,,kiedy\u015b by\u0142o jako\u015b fajniej\u201d. Jako ma\u0142y ch\u0142opiec ze wzgl\u0119du na chorob\u0119 i bardzo \u015bcis\u0142\u0105 diet\u0119 nie mog\u0142em wyje\u017cd\u017ca\u0107 na \u017cadne kolonie , obozy harcerskie i inne ekscytuj\u0105ce eventy. Ale wielka \u017c\u0105dza przyg\u00f3d wci\u0105\u017c pcha\u0142a mnie wsz\u0119dzie tam gdzie by\u0142a&#8230;<\/p>\n","protected":false},"author":1,"featured_media":0,"parent":0,"menu_order":0,"comment_status":"closed","ping_status":"closed","template":"","meta":{"two_page_speed":{"previous_score":{"desktop_score":96,"desktop_tti":"1.1\u00a0","mobile_score":83,"mobile_tti":"4.2\u00a0","date":"17.12.2025 10:59:59 pm","status":"completed"},"current_score":{"desktop_score":75,"desktop_tti":"0.5\u00a0","mobile_score":56.99999999999999,"mobile_tti":"4.9\u00a0","date":"17.12.2025 11:01:10 pm","status":"completed"}},"footnotes":""},"class_list":["post-112","page","type-page","status-publish","hentry"],"yoast_head":"<!-- This site is optimized with the Yoast SEO plugin v27.2 - https:\/\/yoast.com\/product\/yoast-seo-wordpress\/ -->\n<title>O mnie - Charyzmat<\/title>\n<meta name=\"robots\" content=\"index, follow, max-snippet:-1, max-image-preview:large, max-video-preview:-1\" \/>\n<link rel=\"canonical\" href=\"http:\/\/wwwlolekkom.pl\/?page_id=112\" \/>\n<meta property=\"og:locale\" content=\"pl_PL\" \/>\n<meta property=\"og:type\" content=\"article\" \/>\n<meta property=\"og:title\" content=\"O mnie - Charyzmat\" \/>\n<meta property=\"og:description\" content=\"Jaros\u0142aw Pe\u0142ka Urodzi\u0142em si\u0119 w porze rykowiska jeleni w latach kt\u00f3re dzi\u015b wspominamy w mediach spo\u0142eczno\u015bciowych ,,kiedy\u015b by\u0142o jako\u015b fajniej\u201d. Jako ma\u0142y ch\u0142opiec ze wzgl\u0119du na chorob\u0119 i bardzo \u015bcis\u0142\u0105 diet\u0119 nie mog\u0142em wyje\u017cd\u017ca\u0107 na \u017cadne kolonie , obozy harcerskie i inne ekscytuj\u0105ce eventy. Ale wielka \u017c\u0105dza przyg\u00f3d wci\u0105\u017c pcha\u0142a mnie wsz\u0119dzie tam gdzie by\u0142a...\" \/>\n<meta property=\"og:url\" content=\"http:\/\/wwwlolekkom.pl\/?page_id=112\" \/>\n<meta property=\"og:site_name\" content=\"Charyzmat\" \/>\n<meta property=\"article:modified_time\" content=\"2025-12-17T22:00:44+00:00\" \/>\n<meta property=\"og:image\" content=\"http:\/\/wwwlolekkom.pl\/wp-content\/uploads\/2025\/12\/Jarek-i-Ali-3-683x1024.jpg\" \/>\n<meta name=\"twitter:card\" content=\"summary_large_image\" \/>\n<meta name=\"twitter:label1\" content=\"Szacowany czas czytania\" \/>\n\t<meta name=\"twitter:data1\" content=\"6 minut\" \/>\n<script type=\"application\/ld+json\" class=\"yoast-schema-graph\">{\"@context\":\"https:\/\/schema.org\",\"@graph\":[{\"@type\":\"WebPage\",\"@id\":\"http:\/\/wwwlolekkom.pl\/?page_id=112\",\"url\":\"http:\/\/wwwlolekkom.pl\/?page_id=112\",\"name\":\"O mnie - Charyzmat\",\"isPartOf\":{\"@id\":\"https:\/\/wwwlolekkom.pl\/#website\"},\"primaryImageOfPage\":{\"@id\":\"http:\/\/wwwlolekkom.pl\/?page_id=112#primaryimage\"},\"image\":{\"@id\":\"http:\/\/wwwlolekkom.pl\/?page_id=112#primaryimage\"},\"thumbnailUrl\":\"http:\/\/wwwlolekkom.pl\/wp-content\/uploads\/2025\/12\/Jarek-i-Ali-3-683x1024.jpg\",\"datePublished\":\"2025-12-10T00:01:44+00:00\",\"dateModified\":\"2025-12-17T22:00:44+00:00\",\"breadcrumb\":{\"@id\":\"http:\/\/wwwlolekkom.pl\/?page_id=112#breadcrumb\"},\"inLanguage\":\"pl-PL\",\"potentialAction\":[{\"@type\":\"ReadAction\",\"target\":[\"http:\/\/wwwlolekkom.pl\/?page_id=112\"]}]},{\"@type\":\"ImageObject\",\"inLanguage\":\"pl-PL\",\"@id\":\"http:\/\/wwwlolekkom.pl\/?page_id=112#primaryimage\",\"url\":\"http:\/\/wwwlolekkom.pl\/wp-content\/uploads\/2025\/12\/Jarek-i-Ali-3.jpg\",\"contentUrl\":\"http:\/\/wwwlolekkom.pl\/wp-content\/uploads\/2025\/12\/Jarek-i-Ali-3.jpg\",\"width\":1000,\"height\":1500},{\"@type\":\"BreadcrumbList\",\"@id\":\"http:\/\/wwwlolekkom.pl\/?page_id=112#breadcrumb\",\"itemListElement\":[{\"@type\":\"ListItem\",\"position\":1,\"name\":\"Strona g\u0142\u00f3wna\",\"item\":\"https:\/\/wwwlolekkom.pl\/\"},{\"@type\":\"ListItem\",\"position\":2,\"name\":\"O mnie\"}]},{\"@type\":\"WebSite\",\"@id\":\"https:\/\/wwwlolekkom.pl\/#website\",\"url\":\"https:\/\/wwwlolekkom.pl\/\",\"name\":\"Charyzmat\",\"description\":\"szkolenie ps\u00f3w my\u015bliwskich\",\"publisher\":{\"@id\":\"https:\/\/wwwlolekkom.pl\/#organization\"},\"potentialAction\":[{\"@type\":\"SearchAction\",\"target\":{\"@type\":\"EntryPoint\",\"urlTemplate\":\"https:\/\/wwwlolekkom.pl\/?s={search_term_string}\"},\"query-input\":{\"@type\":\"PropertyValueSpecification\",\"valueRequired\":true,\"valueName\":\"search_term_string\"}}],\"inLanguage\":\"pl-PL\"},{\"@type\":\"Organization\",\"@id\":\"https:\/\/wwwlolekkom.pl\/#organization\",\"name\":\"Charyzmat\",\"url\":\"https:\/\/wwwlolekkom.pl\/\",\"logo\":{\"@type\":\"ImageObject\",\"inLanguage\":\"pl-PL\",\"@id\":\"https:\/\/wwwlolekkom.pl\/#\/schema\/logo\/image\/\",\"url\":\"http:\/\/wwwlolekkom.pl\/wp-content\/uploads\/2025\/12\/Charyzmat.jpg\",\"contentUrl\":\"http:\/\/wwwlolekkom.pl\/wp-content\/uploads\/2025\/12\/Charyzmat.jpg\",\"width\":1000,\"height\":1000,\"caption\":\"Charyzmat\"},\"image\":{\"@id\":\"https:\/\/wwwlolekkom.pl\/#\/schema\/logo\/image\/\"}}]}<\/script>\n<!-- \/ Yoast SEO plugin. -->","yoast_head_json":{"title":"O mnie - Charyzmat","robots":{"index":"index","follow":"follow","max-snippet":"max-snippet:-1","max-image-preview":"max-image-preview:large","max-video-preview":"max-video-preview:-1"},"canonical":"http:\/\/wwwlolekkom.pl\/?page_id=112","og_locale":"pl_PL","og_type":"article","og_title":"O mnie - Charyzmat","og_description":"Jaros\u0142aw Pe\u0142ka Urodzi\u0142em si\u0119 w porze rykowiska jeleni w latach kt\u00f3re dzi\u015b wspominamy w mediach spo\u0142eczno\u015bciowych ,,kiedy\u015b by\u0142o jako\u015b fajniej\u201d. Jako ma\u0142y ch\u0142opiec ze wzgl\u0119du na chorob\u0119 i bardzo \u015bcis\u0142\u0105 diet\u0119 nie mog\u0142em wyje\u017cd\u017ca\u0107 na \u017cadne kolonie , obozy harcerskie i inne ekscytuj\u0105ce eventy. Ale wielka \u017c\u0105dza przyg\u00f3d wci\u0105\u017c pcha\u0142a mnie wsz\u0119dzie tam gdzie by\u0142a...","og_url":"http:\/\/wwwlolekkom.pl\/?page_id=112","og_site_name":"Charyzmat","article_modified_time":"2025-12-17T22:00:44+00:00","og_image":[{"url":"http:\/\/wwwlolekkom.pl\/wp-content\/uploads\/2025\/12\/Jarek-i-Ali-3-683x1024.jpg","type":"","width":"","height":""}],"twitter_card":"summary_large_image","twitter_misc":{"Szacowany czas czytania":"6 minut"},"schema":{"@context":"https:\/\/schema.org","@graph":[{"@type":"WebPage","@id":"http:\/\/wwwlolekkom.pl\/?page_id=112","url":"http:\/\/wwwlolekkom.pl\/?page_id=112","name":"O mnie - Charyzmat","isPartOf":{"@id":"https:\/\/wwwlolekkom.pl\/#website"},"primaryImageOfPage":{"@id":"http:\/\/wwwlolekkom.pl\/?page_id=112#primaryimage"},"image":{"@id":"http:\/\/wwwlolekkom.pl\/?page_id=112#primaryimage"},"thumbnailUrl":"http:\/\/wwwlolekkom.pl\/wp-content\/uploads\/2025\/12\/Jarek-i-Ali-3-683x1024.jpg","datePublished":"2025-12-10T00:01:44+00:00","dateModified":"2025-12-17T22:00:44+00:00","breadcrumb":{"@id":"http:\/\/wwwlolekkom.pl\/?page_id=112#breadcrumb"},"inLanguage":"pl-PL","potentialAction":[{"@type":"ReadAction","target":["http:\/\/wwwlolekkom.pl\/?page_id=112"]}]},{"@type":"ImageObject","inLanguage":"pl-PL","@id":"http:\/\/wwwlolekkom.pl\/?page_id=112#primaryimage","url":"http:\/\/wwwlolekkom.pl\/wp-content\/uploads\/2025\/12\/Jarek-i-Ali-3.jpg","contentUrl":"http:\/\/wwwlolekkom.pl\/wp-content\/uploads\/2025\/12\/Jarek-i-Ali-3.jpg","width":1000,"height":1500},{"@type":"BreadcrumbList","@id":"http:\/\/wwwlolekkom.pl\/?page_id=112#breadcrumb","itemListElement":[{"@type":"ListItem","position":1,"name":"Strona g\u0142\u00f3wna","item":"https:\/\/wwwlolekkom.pl\/"},{"@type":"ListItem","position":2,"name":"O mnie"}]},{"@type":"WebSite","@id":"https:\/\/wwwlolekkom.pl\/#website","url":"https:\/\/wwwlolekkom.pl\/","name":"Charyzmat","description":"szkolenie ps\u00f3w my\u015bliwskich","publisher":{"@id":"https:\/\/wwwlolekkom.pl\/#organization"},"potentialAction":[{"@type":"SearchAction","target":{"@type":"EntryPoint","urlTemplate":"https:\/\/wwwlolekkom.pl\/?s={search_term_string}"},"query-input":{"@type":"PropertyValueSpecification","valueRequired":true,"valueName":"search_term_string"}}],"inLanguage":"pl-PL"},{"@type":"Organization","@id":"https:\/\/wwwlolekkom.pl\/#organization","name":"Charyzmat","url":"https:\/\/wwwlolekkom.pl\/","logo":{"@type":"ImageObject","inLanguage":"pl-PL","@id":"https:\/\/wwwlolekkom.pl\/#\/schema\/logo\/image\/","url":"http:\/\/wwwlolekkom.pl\/wp-content\/uploads\/2025\/12\/Charyzmat.jpg","contentUrl":"http:\/\/wwwlolekkom.pl\/wp-content\/uploads\/2025\/12\/Charyzmat.jpg","width":1000,"height":1000,"caption":"Charyzmat"},"image":{"@id":"https:\/\/wwwlolekkom.pl\/#\/schema\/logo\/image\/"}}]}},"_links":{"self":[{"href":"http:\/\/wwwlolekkom.pl\/index.php?rest_route=\/wp\/v2\/pages\/112","targetHints":{"allow":["GET"]}}],"collection":[{"href":"http:\/\/wwwlolekkom.pl\/index.php?rest_route=\/wp\/v2\/pages"}],"about":[{"href":"http:\/\/wwwlolekkom.pl\/index.php?rest_route=\/wp\/v2\/types\/page"}],"author":[{"embeddable":true,"href":"http:\/\/wwwlolekkom.pl\/index.php?rest_route=\/wp\/v2\/users\/1"}],"replies":[{"embeddable":true,"href":"http:\/\/wwwlolekkom.pl\/index.php?rest_route=%2Fwp%2Fv2%2Fcomments&post=112"}],"version-history":[{"count":6,"href":"http:\/\/wwwlolekkom.pl\/index.php?rest_route=\/wp\/v2\/pages\/112\/revisions"}],"predecessor-version":[{"id":430,"href":"http:\/\/wwwlolekkom.pl\/index.php?rest_route=\/wp\/v2\/pages\/112\/revisions\/430"}],"wp:attachment":[{"href":"http:\/\/wwwlolekkom.pl\/index.php?rest_route=%2Fwp%2Fv2%2Fmedia&parent=112"}],"curies":[{"name":"wp","href":"https:\/\/api.w.org\/{rel}","templated":true}]}}